{"id":19,"date":"2018-10-24T15:44:33","date_gmt":"2018-10-24T13:44:33","guid":{"rendered":"http:\/\/versailles-avenir-formation.org\/?page_id=19"},"modified":"2025-04-07T08:59:21","modified_gmt":"2025-04-07T06:59:21","slug":"vaf","status":"publish","type":"page","link":"https:\/\/versailles-avenir-formation.org\/","title":{"rendered":"Un r\u00e9seau \u00e0 votre service"},"content":{"rendered":"<div class=\"menu\"><\/div>\n<div class=\"corps\">\n<p><span style=\"color: #993366;\"><strong>V.A.F.<\/strong><\/span> est un groupement de 4 \u00e9tablissements catholiques constitu\u00e9s en r\u00e9seau pour faire jouer la solidarit\u00e9 de la mani\u00e8re suivante :<\/p>\n<table style=\"width: 584px;\" border=\"0\" width=\"540\">\n<tbody>\n<tr>\n<td style=\"width: 574px;\">\n<ul>\n<li style=\"list-style-type: none;\">\n<ul>\n<li style=\"list-style-type: none;\">\n<ul>\n<li style=\"list-style-type: none;\">\n<ul>\n<li style=\"text-align: justify;\">Un \u00e9tablissement ressource :<br \/>\n<span style=\"color: #993366;\"><strong>SAINT- JEAN- HULST<\/strong><\/span>, lyc\u00e9e d&rsquo;enseignement g\u00e9n\u00e9ral, non habilit\u00e9 \u00e0 percevoir la taxe d\u2019apprentissage. La taxe d&rsquo;apprentissage n&rsquo;est vers\u00e9e qu&rsquo;aux \u00e9tablissements dispensant des formations technologiques ou professionnelles initiales ou formant des apprentis.<br \/>\n.<\/li>\n<\/ul>\n<\/li>\n<\/ul>\n<ul>\n<li style=\"text-align: justify;\">3 \u00e9tablissements partenaires :\n<ul>\n<li style=\"list-style-type: none;\">\n<ul style=\"list-style-type: disc;\">\n<li>Lyc\u00e9e Les Ch\u00e2taigniers &#8211; 78 000 Versailles<\/li>\n<li>Lyc\u00e9e St Vincent de Paul &#8211; 78 000 Versailles<\/li>\n<li>Notre Dame du Grandchamp &#8211; 78 000 Versailles<\/li>\n<\/ul>\n<\/li>\n<\/ul>\n<\/li>\n<\/ul>\n<\/li>\n<\/ul>\n<\/li>\n<\/ul>\n<ul>\n<li style=\"list-style-type: none;\">\n<p style=\"text-align: justify;\"><span style=\"color: #993366;\"><strong>SAINT- JEAN- HULST<\/strong><\/span>, propose aux parents de ses \u00e9l\u00e8ves, par solidarit\u00e9, de favoriser le versement de taxe d\u2019apprentissage de leur entreprise aux \u00e9tablissements professionnels et technologiques du r\u00e9seau.<\/p>\n<ul>\n<li style=\"list-style-type: none;\"><\/li>\n<\/ul>\n<\/li>\n<\/ul>\n<\/td>\n<\/tr>\n<\/tbody>\n<\/table>\n<\/div>\n<p>Lire la<a href=\"https:\/\/ndg78-my.sharepoint.com\/:b:\/g\/personal\/p00968_nd-grandchamp_fr\/EX7ghZLNRwtMtHQkAd13emQBp6m4SEHqP5f8EoNwjvPC6g?e=rCC8qx\" target=\"_blank\" rel=\"noopener noreferrer\"> lettre de Madame Christel Lemerle,<\/a> Directeur.<\/p>\n<p><img loading=\"lazy\" decoding=\"async\" class=\"alignnone wp-image-33\" src=\"http:\/\/versailles-avenir-formation.org\/wp-content\/uploads\/2018\/10\/Saintjean.jpg\" alt=\"\" width=\"200\" height=\"112\" \/><\/p>\n<h1>V.A.F., c\u2019est \u2026 de la solidarit\u00e9 !<\/h1>\n","protected":false},"excerpt":{"rendered":"<p>V.A.F. est un groupement de 4 \u00e9tablissements catholiques constitu\u00e9s en r\u00e9seau pour faire jouer la solidarit\u00e9 de la mani\u00e8re suivante : Un \u00e9tablissement ressource : SAINT- JEAN- HULST, lyc\u00e9e d&rsquo;enseignement <a class=\"more-link\" href=\"https:\/\/versailles-avenir-formation.org\/\">Continue Reading &rarr;<\/a><\/p>\n","protected":false},"author":1,"featured_media":0,"parent":0,"menu_order":0,"comment_status":"closed","ping_status":"closed","template":"","meta":{"footnotes":""},"_links":{"self":[{"href":"https:\/\/versailles-avenir-formation.org\/index.php?rest_route=\/wp\/v2\/pages\/19"}],"collection":[{"href":"https:\/\/versailles-avenir-formation.org\/index.php?rest_route=\/wp\/v2\/pages"}],"about":[{"href":"https:\/\/versailles-avenir-formation.org\/index.php?rest_route=\/wp\/v2\/types\/page"}],"author":[{"embeddable":true,"href":"https:\/\/versailles-avenir-formation.org\/index.php?rest_route=\/wp\/v2\/users\/1"}],"replies":[{"embeddable":true,"href":"https:\/\/versailles-avenir-formation.org\/index.php?rest_route=%2Fwp%2Fv2%2Fcomments&post=19"}],"version-history":[{"count":23,"href":"https:\/\/versailles-avenir-formation.org\/index.php?rest_route=\/wp\/v2\/pages\/19\/revisions"}],"predecessor-version":[{"id":471,"href":"https:\/\/versailles-avenir-formation.org\/index.php?rest_route=\/wp\/v2\/pages\/19\/revisions\/471"}],"wp:attachment":[{"href":"https:\/\/versailles-avenir-formation.org\/index.php?rest_route=%2Fwp%2Fv2%2Fmedia&parent=19"}],"curies":[{"name":"wp","href":"https:\/\/api.w.org\/{rel}","templated":true}]}}